{"id":9533,"date":"2016-04-08T12:40:58","date_gmt":"2016-04-08T12:40:58","guid":{"rendered":"https:\/\/rostosolidario.pt\/apoio-a-familia\/"},"modified":"2024-01-15T12:23:12","modified_gmt":"2024-01-15T11:23:12","slug":"familysupport","status":"publish","type":"page","link":"https:\/\/rostosolidario.pt\/en\/familysupport\/","title":{"rendered":"Family Support"},"content":{"rendered":"<p>[vc_row centered=&#8221;yes&#8221; bg_type=&#8221;image&#8221; parallax_style=&#8221;vcpb-default&#8221; bg_image_new=&#8221;10459|https:\/\/rostosolidario.pt\/wp-content\/uploads\/2023\/06\/Capas-Website-RS-2500-\u00d7-400-px-9-1.png&#8221; bg_image_repeat=&#8221;no-repeat&#8221; sd_bg_color=&#8221;&#8221;][vc_column]<div class=\"ult-spacer spacer-69f558e4a01c8\" data-id=\"69f558e4a01c8\" data-height=\"110\" data-height-mobile=\"50\" data-height-tab=\"\" data-height-tab-portrait=\"\" data-height-mobile-landscape=\"\" style=\"clear:both;display:block;\"><\/div><div id=\"ultimate-heading-976869f558e4a021e\" class=\"uvc-heading ultimate-heading-976869f558e4a021e uvc-4983 sd-text-bg-white\" data-hspacer=\"no_spacer\"  data-halign=\"left\" style=\"text-align:left\"><div class=\"uvc-heading-spacer no_spacer\" style=\"top\"><\/div><div class=\"uvc-main-heading ult-responsive\"  data-ultimate-target='.uvc-heading.ultimate-heading-976869f558e4a021e h1'  data-responsive-json-new='{\"font-size\":\"\",\"line-height\":\"\"}' ><h1 style=\"font-weight:bold;\">FAMILY SUPPORT<\/h1><\/div><\/div><div class=\"ult-spacer spacer-69f558e4a0255\" data-id=\"69f558e4a0255\" data-height=\"110\" data-height-mobile=\"50\" data-height-tab=\"\" data-height-tab-portrait=\"\" data-height-mobile-landscape=\"\" style=\"clear:both;display:block;\"><\/div>[\/vc_column][\/vc_row][vc_row centered=&#8221;yes&#8221; sd_margin_top=&#8221;70px&#8221;][vc_column][vc_row_inner][vc_column_inner width=&#8221;1\/2&#8243;][vc_column_text]The <strong>Family Support Services<\/strong> exist since 2008 and provide support to<strong> individuals\/families at risk of exclusion and\/or social vulnerability<\/strong> through the social service office, the resource bank and the psychology office.<\/p>\n<p>Rosto Solid\u00e1rio is part of the Council&#8217;s Social Network and of the Local Council for Social Action (CLAS), whose purpose is to promote partnership work focusing on the strategic planning of local social intervention. It also integrates the Social Forum of the Parish Union of Santa Maria da Feira, Travanca, Sanfins and Espargo, an innovative instrument that seeks shared solutions with the community to local problems.[\/vc_column_text][\/vc_column_inner][vc_column_inner width=&#8221;1\/2&#8243;][vc_column_text]The services promoted by this area of intervention aim to contribute to reducing situations of deprivation and improving the living conditions of individuals\/families towards social inclusion.<\/p>\n<p>They seek to develop integrated and multisectoral interventions to correspond to the multidimensional and increasingly complex nature of the phenomena of poverty and social exclusion, work in partnership, cooperation and sharing of responsibilities with the municipality&#8217;s Social Network.<\/p>\n<p>In 2015 and 2019, Rosto Solid\u00e1rio was awarded with the local solid\u00e1rio prize, in the category of Community Support, under the II and VI Mosaico Social promoted by the Municipality of Santa Maria da Feira, in partnership with ADRITEM &#8211; Association for Integrated Rural Development of Terras de Santa Maria.[\/vc_column_text][\/vc_column_inner][\/vc_row_inner][vc_row_inner][vc_column_inner]\n<div class=\"ult_exp_section_layer cabinets\" >\n\t<div class=\"ult_exp_section \" style=\"color:#004671;background-color:#e5eff5; font-weight:normal;font-size:18px;line-height:20px; padding-top:5px;padding-bottom:5px;\" data-textcolor=\"#004671\"data-texthover=\"#00609c\"data-icncolor=\"#004671\"data-ihover=\"#00609c\"data-height=\"0\"data-cntbg=\"#e5eff5\"data-cnthvrbg=\"#ccdfeb\"data-headerbg=\"#e5eff5\"data-headerhover=\"#ccdfeb\"data-title=\"SOCIAL SERVICE OFFICE\"data-newtitle=\"SOCIAL SERVICE OFFICE\"data-icon=\"Defaults-chevron-down\"data-newicon=\"Defaults-chevron-up\"data-activeicon=\"#00609c\"data-effect=\"slideToggle\"data-override=\"0\"data-activetitle=\"#00609c\"data-activebg=\"#ccdfeb\"data-img=\"\"data-newimg=\"\"><div class=\"ult_exp_section-main ult_expleft_icon\">\t<div class=\"ult-just-icon-wrapper ult_exp_icon\">\n\t\t\t\t\t<div class=\"align-icon \" style=\"text-align:left; \">\n\t\t\t\t\t\t\n<span class=\"aio-icon  none  ult_expsection_icon \"  style=\"color:#004671;font-size:18px;\">\n\t<i class=\"Defaults-chevron-down ult_ex_icon\"  ><\/i>\n<\/span>\n\t\t\t\t\t<\/div>\n\t\t\t\t<\/div>\n\t\t\t\t<div class=\"ult_expheader\" align=\"left\" >SOCIAL SERVICE OFFICE\n\t\t\t\t<\/div>\n\t\t\t<\/div>\n\t\t<\/div><div class=\"ult_exp_content \" style=\"background-color:#e5eff5;padding-top:30px;padding-right:30px;padding-left:30px; \"><div class=\"ult_ecpsub_cont\" style=\"max-width:1080px;\" >[vc_column_text]The <strong>social service office<\/strong> aims to <strong>identify, direct and support situations of risk, vulnerability and\/or social exclusion<\/strong>.<\/p>\n<p>It receives <strong>individuals\/families<\/strong> forwarded by social solidarity institutions and other entities, and also those who, on their own initiative, wish to seek support, guidance and social referral.<\/p>\n<p>The appointments must be scheduled in advance, by telephone or email to the following contacts:<\/p>\n<p><strong>Phone.<\/strong> 256 336 001<br \/>\n<strong>Mobile.<\/strong> 929 173 288<br \/>\n<strong>Email.<\/strong> servicosocial@rostosolidario.pt[\/vc_column_text]<\/div><\/div>\n\n\t\t\t<\/div>\n<div class=\"ult_exp_section_layer cabinets\" >\n\t<div class=\"ult_exp_section \" style=\"color:#004671;background-color:#e5eff5; font-weight:normal;font-size:18px;line-height:20px; padding-top:5px;padding-bottom:5px;\" data-textcolor=\"#004671\"data-texthover=\"#00609c\"data-icncolor=\"#004671\"data-ihover=\"#00609c\"data-height=\"0\"data-cntbg=\"#e5eff5\"data-cnthvrbg=\"#ccdfeb\"data-headerbg=\"#e5eff5\"data-headerhover=\"#ccdfeb\"data-title=\"PSICOLOGY DEPARTMENT\"data-newtitle=\"PSICOLOGY DEPARTMENT\"data-icon=\"Defaults-chevron-down\"data-newicon=\"Defaults-chevron-up\"data-activeicon=\"#00609c\"data-effect=\"slideToggle\"data-override=\"0\"data-activetitle=\"#00609c\"data-activebg=\"#ccdfeb\"data-img=\"\"data-newimg=\"\"><div class=\"ult_exp_section-main ult_expleft_icon\">\t<div class=\"ult-just-icon-wrapper ult_exp_icon\">\n\t\t\t\t\t<div class=\"align-icon \" style=\"text-align:left; \">\n\t\t\t\t\t\t\n<span class=\"aio-icon  none  ult_expsection_icon \"  style=\"color:#004671;font-size:18px;\">\n\t<i class=\"Defaults-chevron-down ult_ex_icon\"  ><\/i>\n<\/span>\n\t\t\t\t\t<\/div>\n\t\t\t\t<\/div>\n\t\t\t\t<div class=\"ult_expheader\" align=\"left\" >PSICOLOGY DEPARTMENT\n\t\t\t\t<\/div>\n\t\t\t<\/div>\n\t\t<\/div><div class=\"ult_exp_content \" style=\"background-color:#e5eff5;padding-top:30px;padding-right:30px;padding-left:30px; \"><div class=\"ult_ecpsub_cont\" style=\"max-width:1080px;\" >[vc_column_text]The <strong>psychology department<\/strong> provides <strong>psychological counselling for children and youth<\/strong>.<br \/>\nIt aims to develop skills that enable children\/young people to recognise their <strong>emotions and thoughts<\/strong> so that they are able to<strong> manage and self-regulate their behaviour<\/strong>.<\/p>\n<p>It receives children\/young people referred by social solidarity institutions and other entities, and also those who, on the initiative of their parents\/legal guardians, request psychological support.<\/p>\n<p>The consultation of psychology is free of charge, so all situations deserve a first evaluation by the social service office, about the socio-economic situation of the family household.<\/p>\n<p>More information and\/or clarifications through the following contacts:<\/p>\n<p><strong>Phone.<\/strong> 256 336 001<br \/>\n<strong>Mobile.<\/strong> 929 173 288<br \/>\n<strong>E-mail.<\/strong> servicosocial@rostosolidario.pt[\/vc_column_text]<\/div><\/div>\n\n\t\t\t<\/div>\n<div class=\"ult_exp_section_layer cabinets\" >\n\t<div class=\"ult_exp_section \" style=\"color:#004671;background-color:#e5eff5; font-weight:normal;font-size:18px;line-height:20px; padding-top:5px;padding-bottom:5px;\" data-textcolor=\"#004671\"data-texthover=\"#00609c\"data-icncolor=\"#004671\"data-ihover=\"#00609c\"data-height=\"0\"data-cntbg=\"#e5eff5\"data-cnthvrbg=\"#ccdfeb\"data-headerbg=\"#e5eff5\"data-headerhover=\"#ccdfeb\"data-title=\"RESOURCE HUBS\"data-newtitle=\"RESOURCE HUBS\"data-icon=\"Defaults-chevron-down\"data-newicon=\"Defaults-chevron-up\"data-activeicon=\"#00609c\"data-effect=\"slideToggle\"data-override=\"0\"data-activetitle=\"#00609c\"data-activebg=\"#ccdfeb\"data-img=\"\"data-newimg=\"\"><div class=\"ult_exp_section-main ult_expleft_icon\">\t<div class=\"ult-just-icon-wrapper ult_exp_icon\">\n\t\t\t\t\t<div class=\"align-icon \" style=\"text-align:left; \">\n\t\t\t\t\t\t\n<span class=\"aio-icon  none  ult_expsection_icon \"  style=\"color:#004671;font-size:18px;\">\n\t<i class=\"Defaults-chevron-down ult_ex_icon\"  ><\/i>\n<\/span>\n\t\t\t\t\t<\/div>\n\t\t\t\t<\/div>\n\t\t\t\t<div class=\"ult_expheader\" align=\"left\" >RESOURCE HUBS\n\t\t\t\t<\/div>\n\t\t\t<\/div>\n\t\t<\/div><div class=\"ult_exp_content \" style=\"background-color:#e5eff5;padding-top:30px;padding-right:30px;padding-left:30px; \"><div class=\"ult_ecpsub_cont\" style=\"max-width:1080px;\" >[vc_column_text]The <strong>Resource Hubs<\/strong> aims to contribute to reducing situations of deprivation and improving the living conditions of vulnerable\/families in situations of social vulnerability\/exclusion with a view to social inclusion.<\/p>\n<p>It provides<strong> food, clothing and footwear, furniture and electrical appliances<\/strong> (in close coordination with the municipality&#8217;s Social Network).<br \/>\nIt supports its action in partnership with the Aveiro Food Bank and various donors, both corporate and individual.<\/p>\n<p>The <strong>Resource Hubs<\/strong>\u00a0has a team of volunteers who carry out the sorting and storage of donated products and the collection of furniture and electrical appliances.<\/p>\n<p>Food, clothing and shoes in good condition can be donated at Rosto Solid\u00e1rio&#8217;s headquarters.<\/p>\n<p>To schedule a furniture pick up, please contact the Association through the following contacts:<\/p>\n<p><strong>Phone.<\/strong> 256 336 001<br \/>\n<strong>Mobile.<\/strong> 929 173 288<br \/>\n<strong>E-mail.<\/strong> servicosocial@rostosolidario.pt[\/vc_column_text]<\/div><\/div>\n\n\t\t\t<\/div>[\/vc_column_inner][\/vc_row_inner]<div id=\"ultimate-heading-214769f558e4a03b0\" class=\"uvc-heading ultimate-heading-214769f558e4a03b0 uvc-2364 content-header\" data-hspacer=\"no_spacer\"  data-halign=\"left\" style=\"text-align:left\"><div class=\"uvc-heading-spacer no_spacer\" style=\"top\"><\/div><div class=\"uvc-main-heading ult-responsive\"  data-ultimate-target='.uvc-heading.ultimate-heading-214769f558e4a03b0 h2'  data-responsive-json-new='{\"font-size\":\"desktop:24px;\",\"line-height\":\"desktop:30px;\"}' ><h2 style=\"font-family:'Montserrat';font-weight:700;margin-top:30px;margin-bottom:40px;\">PROJECTS<\/h2><\/div><\/div><div class=\"ult-content-box-container \" >\t\t<div class=\"ult-content-box\" style=\"-webkit-transition: all 700ms ease;-moz-transition: all 700ms ease;-ms-transition: all 700ms ease;-o-transition: all 700ms ease;transition: all 700ms ease;\"    >[vc_row_inner][vc_column_inner width=&#8221;1\/4&#8243;][vc_single_image image=&#8221;6839&#8243; img_size=&#8221;medium&#8221;][vc_column_text]<strong>Status:<\/strong> Ongoing<br \/>\n<strong>Started:<\/strong> 08 April 2019[\/vc_column_text][\/vc_column_inner][vc_column_inner width=&#8221;3\/4&#8243;]<div id=\"ultimate-heading-496169f558e4a048e\" class=\"uvc-heading ultimate-heading-496169f558e4a048e uvc-7433 \" data-hspacer=\"no_spacer\"  data-halign=\"left\" style=\"text-align:left\"><div class=\"uvc-heading-spacer no_spacer\" style=\"top\"><\/div><div class=\"uvc-main-heading ult-responsive\"  data-ultimate-target='.uvc-heading.ultimate-heading-496169f558e4a048e h3'  data-responsive-json-new='{\"font-size\":\"desktop:20px;\",\"line-height\":\"\"}' ><h3 style=\"font-weight:normal;margin-bottom:30px;\">Carpa Project<\/h3><\/div><\/div>[vc_column_text]Built from the <strong>partnership <\/strong>between <strong>Rosto Solid\u00e1rio and Oficina D&#8217;Artes do Orfe\u00e3o da Feira<\/strong>, the Carpa Project aims to support the proper <strong>social and emotional development of the younger ones<\/strong>, expanding their transversal skills to growing by learning.<br \/>\nDuring a week of activities, we prioritize: The expression and development of emotional literacy, communication skills and positive self-dialogue, respect for difference, problem solving and critical thinking. We add music, theatre, movement and plastic expressions, in a clear artistic mix that will lead to the experiences of getting to know oneself, showing oneself in relationship with others and opening up to the diversity of the world.[\/vc_column_text]<a class=\"ubtn-link ubtn-left ubtn-small \" href = \"https:\/\/rostosolidario.pt\/en\/familysupport\/carpa\/\" target='' ><button type=\"button\" class=\"ubtn ubtn-small ubtn-fade-bg  none  ubtn-left   tooltip-69f558e4a04ca\"  data-hover=\"\" data-border-color=\"#00609c\" data-bg=\"#00609c\" data-hover-bg=\"#004671\" data-border-hover=\"#004671\" data-shadow-hover=\"\" data-shadow-click=\"none\" data-shadow=\"\" data-shd-shadow=\"\" style=\"font-weight:bold;border-radius:3px;border-width:1px;border-color:#00609c;border-style:solid;background: #00609c;color: #ffffff;\"><span class=\"ubtn-data ubtn-icon\"><i class=\"none\" style=\"font-size:32px;color:#ffffff;\"><\/i><\/span><span class=\"ubtn-hover\" style=\"background-color:#004671\"><\/span><span class=\"ubtn-data ubtn-text\">More info<\/span><\/button><\/a>[\/vc_column_inner][\/vc_row_inner]<div class=\"ult-spacer spacer-69f558e4a0509\" data-id=\"69f558e4a0509\" data-height=\"60\" data-height-mobile=\"60\" data-height-tab=\"60\" data-height-tab-portrait=\"\" data-height-mobile-landscape=\"\" style=\"clear:both;display:block;\"><\/div>[vc_row_inner][vc_column_inner width=&#8221;1\/4&#8243;][vc_single_image image=&#8221;6572&#8243; img_size=&#8221;medium&#8221;][vc_column_text]<strong>Status:<\/strong> Ongoing<br \/>\n<strong>Start:<\/strong> December 2016<br \/>\n<strong>Completion:<\/strong> March 2019[\/vc_column_text][\/vc_column_inner][vc_column_inner width=&#8221;3\/4&#8243;]<div id=\"ultimate-heading-297569f558e4a0530\" class=\"uvc-heading ultimate-heading-297569f558e4a0530 uvc-943 \" data-hspacer=\"no_spacer\"  data-halign=\"left\" style=\"text-align:left\"><div class=\"uvc-heading-spacer no_spacer\" style=\"top\"><\/div><div class=\"uvc-main-heading ult-responsive\"  data-ultimate-target='.uvc-heading.ultimate-heading-297569f558e4a0530 h3'  data-responsive-json-new='{\"font-size\":\"desktop:20px;\",\"line-height\":\"\"}' ><h3 style=\"font-weight:normal;margin-bottom:30px;\">Technical Reinforcement of the Commission for the Protection of Children and Youth of Santa Maria da Feira<\/h3><\/div><\/div>[vc_column_text]Under the proposed acquisition of services of &#8220;<em>qualification of the protective response and support to the activity of the restricted commission of CPCJ of SMF &#8211; technical support to the restricted commission under Article 20 &#8211; A, of the Protection of Children and Youth at Risk Act<\/em>&#8221; by the Municipality of Santa Maria da Feira, Rosto Solid\u00e1rio assumed the technical strengthening of CPCJ with the allocation of two human resources, a social worker and a lawyer in the format of provision of services.[\/vc_column_text]<a class=\"ubtn-link ubtn-left ubtn-small \" href = \"https:\/\/rostosolidario.pt\/en\/familysupport\/technical-reinforcement\/\" target='' ><button type=\"button\" class=\"ubtn ubtn-small ubtn-fade-bg  none  ubtn-left   tooltip-69f558e4a0563\"  data-hover=\"\" data-border-color=\"#00609c\" data-bg=\"#00609c\" data-hover-bg=\"#004671\" data-border-hover=\"#004671\" data-shadow-hover=\"\" data-shadow-click=\"none\" data-shadow=\"\" data-shd-shadow=\"\" style=\"font-weight:bold;border-radius:3px;border-width:1px;border-color:#00609c;border-style:solid;background: #00609c;color: #ffffff;\"><span class=\"ubtn-data ubtn-icon\"><i class=\"none\" style=\"font-size:32px;color:#ffffff;\"><\/i><\/span><span class=\"ubtn-hover\" style=\"background-color:#004671\"><\/span><span class=\"ubtn-data ubtn-text\">More info<\/span><\/button><\/a>[\/vc_column_inner][\/vc_row_inner]<div class=\"ult-spacer spacer-69f558e4a0590\" data-id=\"69f558e4a0590\" data-height=\"60\" data-height-mobile=\"60\" data-height-tab=\"60\" data-height-tab-portrait=\"\" data-height-mobile-landscape=\"\" style=\"clear:both;display:block;\"><\/div>[vc_row_inner][vc_column_inner width=&#8221;1\/4&#8243;][vc_single_image image=&#8221;6536&#8243; img_size=&#8221;medium&#8221;][vc_column_text]<strong>Status:<\/strong> Completed<br \/>\n<strong>Start:<\/strong> September 2016<br \/>\n<strong>Completion:<\/strong> February 2017[\/vc_column_text][\/vc_column_inner][vc_column_inner width=&#8221;3\/4&#8243;]<div id=\"ultimate-heading-693569f558e4a05b6\" class=\"uvc-heading ultimate-heading-693569f558e4a05b6 uvc-965 \" data-hspacer=\"no_spacer\"  data-halign=\"left\" style=\"text-align:left\"><div class=\"uvc-heading-spacer no_spacer\" style=\"top\"><\/div><div class=\"uvc-main-heading ult-responsive\"  data-ultimate-target='.uvc-heading.ultimate-heading-693569f558e4a05b6 h3'  data-responsive-json-new='{\"font-size\":\"desktop:20px;\",\"line-height\":\"\"}' ><h3 style=\"font-weight:normal;margin-bottom:30px;\">Jos\u00e9 Workshops<\/h3><\/div><\/div>[vc_column_text]The Jos\u00e9 Workshops Project is the result of a partnership between Casa das Profiss\u00f5es &#8211; a project of the Portuguese Red Cross, Sanguedo delegation and Rosto Solid\u00e1rio.<br \/>\nThe Jos\u00e9 Workshops are learning spaces on the restoration of furniture, recycling, reuse and sustainability.[\/vc_column_text]<a class=\"ubtn-link ubtn-left ubtn-small \" href = \"https:\/\/rostosolidario.pt\/en\/familysupport\/oficinas-jose\/\" target='' ><button type=\"button\" class=\"ubtn ubtn-small ubtn-fade-bg  none  ubtn-left   tooltip-69f558e4a05e6\"  data-hover=\"\" data-border-color=\"#00609c\" data-bg=\"#00609c\" data-hover-bg=\"#004671\" data-border-hover=\"#004671\" data-shadow-hover=\"\" data-shadow-click=\"none\" data-shadow=\"\" data-shd-shadow=\"\" style=\"font-weight:bold;border-radius:3px;border-width:1px;border-color:#00609c;border-style:solid;background: #00609c;color: #ffffff;\"><span class=\"ubtn-data ubtn-icon\"><i class=\"none\" style=\"font-size:32px;color:#ffffff;\"><\/i><\/span><span class=\"ubtn-hover\" style=\"background-color:#004671\"><\/span><span class=\"ubtn-data ubtn-text\">More info<\/span><\/button><\/a>[\/vc_column_inner][\/vc_row_inner]<div class=\"ult-spacer spacer-69f558e4a060b\" data-id=\"69f558e4a060b\" data-height=\"60\" data-height-mobile=\"60\" data-height-tab=\"60\" data-height-tab-portrait=\"\" data-height-mobile-landscape=\"\" style=\"clear:both;display:block;\"><\/div>[vc_row_inner][vc_column_inner width=&#8221;1\/4&#8243;][vc_single_image image=&#8221;6350&#8243; img_size=&#8221;medium&#8221;][vc_column_text]<strong>Status:<\/strong> Completed<br \/>\n<strong>Start:<\/strong> June 2015<br \/>\n<strong>Completion:<\/strong> September 2015[\/vc_column_text][\/vc_column_inner][vc_column_inner width=&#8221;3\/4&#8243;]<div id=\"ultimate-heading-764869f558e4a062f\" class=\"uvc-heading ultimate-heading-764869f558e4a062f uvc-7580 \" data-hspacer=\"no_spacer\"  data-halign=\"left\" style=\"text-align:left\"><div class=\"uvc-heading-spacer no_spacer\" style=\"top\"><\/div><div class=\"uvc-main-heading ult-responsive\"  data-ultimate-target='.uvc-heading.ultimate-heading-764869f558e4a062f h3'  data-responsive-json-new='{\"font-size\":\"desktop:20px;\",\"line-height\":\"\"}' ><h3 style=\"font-weight:normal;margin-bottom:30px;\">MOBilise, reuse and sustainability<\/h3><\/div><\/div>[vc_column_text]With &#8220;MOBiliza-te &#8211; reutilization and sustainability&#8221;, the aim was to restore\/customize shelved furniture in the resource bank (because they were in a bad state of conservation or surplus) promoting reuse and sustainability, implicit objectives in the action of the resource bank.[\/vc_column_text]<a class=\"ubtn-link ubtn-left ubtn-small \" href = \"http:\/\/www.rostosolidario.pt\/apoio-a-familia\/moviliza-te-reutilizacao-e-sustentabilidade\/\" target='' ><button type=\"button\" class=\"ubtn ubtn-small ubtn-fade-bg  none  ubtn-left   tooltip-69f558e4a0660\"  data-hover=\"\" data-border-color=\"#00609c\" data-bg=\"#00609c\" data-hover-bg=\"#004671\" data-border-hover=\"#004671\" data-shadow-hover=\"\" data-shadow-click=\"none\" data-shadow=\"\" data-shd-shadow=\"\" style=\"font-weight:bold;border-radius:3px;border-width:1px;border-color:#00609c;border-style:solid;background: #00609c;color: #ffffff;\"><span class=\"ubtn-data ubtn-icon\"><i class=\"none\" style=\"font-size:32px;color:#ffffff;\"><\/i><\/span><span class=\"ubtn-hover\" style=\"background-color:#004671\"><\/span><span class=\"ubtn-data ubtn-text\">More info<\/span><\/button><\/a>[\/vc_column_inner][\/vc_row_inner]\t\t<\/div><\/div>[\/vc_column][\/vc_row]<\/p>\n<!-- AddThis Advanced Settings generic via filter on the_content --><!-- AddThis Share Buttons generic via filter on the_content -->","protected":false},"excerpt":{"rendered":"<p>[vc_row centered=&#8221;yes&#8221; bg_type=&#8221;image&#8221; parallax_style=&#8221;vcpb-default&#8221; bg_image_new=&#8221;10459|https:\/\/rostosolidario.pt\/wp-content\/uploads\/2023\/06\/Capas-Website-RS-2500-\u00d7-400-px-9-1.png&#8221; bg_image_repeat=&#8221;no-repeat&#8221; sd_bg_color=&#8221;&#8221;][vc_column][\/vc_column][\/vc_row][vc_row centered=&#8221;yes&#8221; sd_margin_top=&#8221;70px&#8221;][vc_column][vc_row_inner][vc_column_inner width=&#8221;1\/2&#8243;][vc_column_text]The Family Support Services exist since 2008 and provide support to individuals\/families at risk of exclusion and\/or social vulnerability through the social service office, the resource bank and the psychology office. Rosto Solid\u00e1rio is part of the Council&#8217;s Social Network and<\/p>\n<p><a class=\"sd-more sd-all-trans\" href=\"https:\/\/rostosolidario.pt\/en\/familysupport\/#more-9533\">Read More<\/a><\/p>\n<p><!-- AddThis Advanced Settings generic via filter on get_the_excerpt --><!-- AddThis Share Buttons generic via filter on get_the_excerpt --><\/p>\n","protected":false},"author":1,"featured_media":0,"parent":0,"menu_order":0,"comment_status":"closed","ping_status":"closed","template":"full-width-page.php","meta":{"footnotes":""},"class_list":["post-9533","page","type-page","status-publish","hentry"],"_links":{"self":[{"href":"https:\/\/rostosolidario.pt\/en\/wp-json\/wp\/v2\/pages\/9533"}],"collection":[{"href":"https:\/\/rostosolidario.pt\/en\/wp-json\/wp\/v2\/pages"}],"about":[{"href":"https:\/\/rostosolidario.pt\/en\/wp-json\/wp\/v2\/types\/page"}],"author":[{"embeddable":true,"href":"https:\/\/rostosolidario.pt\/en\/wp-json\/wp\/v2\/users\/1"}],"replies":[{"embeddable":true,"href":"https:\/\/rostosolidario.pt\/en\/wp-json\/wp\/v2\/comments?post=9533"}],"version-history":[{"count":7,"href":"https:\/\/rostosolidario.pt\/en\/wp-json\/wp\/v2\/pages\/9533\/revisions"}],"predecessor-version":[{"id":11732,"href":"https:\/\/rostosolidario.pt\/en\/wp-json\/wp\/v2\/pages\/9533\/revisions\/11732"}],"wp:attachment":[{"href":"https:\/\/rostosolidario.pt\/en\/wp-json\/wp\/v2\/media?parent=9533"}],"curies":[{"name":"wp","href":"https:\/\/api.w.org\/{rel}","templated":true}]}}